{"id":703,"date":"2022-06-12T12:03:59","date_gmt":"2022-06-12T10:03:59","guid":{"rendered":"https:\/\/lesjardinsducanal.net\/?page_id=703"},"modified":"2026-02-05T15:44:19","modified_gmt":"2026-02-05T14:44:19","slug":"recettes","status":"publish","type":"page","link":"https:\/\/lesjardinsducanal.net\/index.php\/recettes\/","title":{"rendered":"Recett&rsquo;cetera :-)"},"content":{"rendered":"\n<p class=\"has-text-align-center\">Des recettes et des id\u00e9es pour d\u00e9guster les l\u00e9gumes de votre panier !<\/p>\n\n\n\n<h4 class=\"wp-block-heading has-text-align-center has-black-color has-text-color has-background has-medium-font-size\" id=\"salades-laitues-frisees\" style=\"background-color:#25eb6e\">Salades, laitues, fris\u00e9es &#8230;<span class=\"has-inline-color has-black-color\"><\/span><\/h4>\n\n\n<div class=\"wp-block-image is-resized\">\n<figure class=\"alignleft size-large\"><img data-recalc-dims=\"1\" loading=\"lazy\" decoding=\"async\" width=\"1168\" height=\"876\" src=\"https:\/\/i0.wp.com\/lesjardinsducanal.net\/wp-content\/uploads\/2026\/02\/Salade-edited.jpg?resize=1168%2C876&#038;ssl=1\" alt=\"\" class=\"wp-image-1267\" style=\"aspect-ratio:1.5329147642740484;width:417px;height:auto\" srcset=\"https:\/\/i0.wp.com\/lesjardinsducanal.net\/wp-content\/uploads\/2026\/02\/Salade-edited.jpg?w=1168&amp;ssl=1 1168w, https:\/\/i0.wp.com\/lesjardinsducanal.net\/wp-content\/uploads\/2026\/02\/Salade-edited.jpg?resize=300%2C225&amp;ssl=1 300w, https:\/\/i0.wp.com\/lesjardinsducanal.net\/wp-content\/uploads\/2026\/02\/Salade-edited.jpg?resize=1024%2C768&amp;ssl=1 1024w, https:\/\/i0.wp.com\/lesjardinsducanal.net\/wp-content\/uploads\/2026\/02\/Salade-edited.jpg?resize=768%2C576&amp;ssl=1 768w, https:\/\/i0.wp.com\/lesjardinsducanal.net\/wp-content\/uploads\/2026\/02\/Salade-edited.jpg?resize=678%2C509&amp;ssl=1 678w, https:\/\/i0.wp.com\/lesjardinsducanal.net\/wp-content\/uploads\/2026\/02\/Salade-edited.jpg?resize=326%2C245&amp;ssl=1 326w, https:\/\/i0.wp.com\/lesjardinsducanal.net\/wp-content\/uploads\/2026\/02\/Salade-edited.jpg?resize=80%2C60&amp;ssl=1 80w\" sizes=\"auto, (max-width: 1000px) 100vw, 1000px\" \/><\/figure>\n<\/div>\n\n\n<p style=\"font-size:21px\"><mark style=\"background-color:rgba(0, 0, 0, 0)\" class=\"has-inline-color has-vivid-green-cyan-color\"><strong>Conservation : <\/strong><\/mark><\/p>\n\n\n\n<p style=\"font-size:17px\">Au frigo dans le bac \u00e0 l\u00e9gume. Une fois lav\u00e9e, \u00e9pluch\u00e9e ou coup\u00e9e en morceaux puis entour\u00e9e d&rsquo;une feuille de sopalin elle se conserve plus d&rsquo;une semaine dans un sac herm\u00e9tique.<\/p>\n\n\n\n<p>Si la salade est fan\u00e9e, ramollie, la plonger enti\u00e8re dans une bassine d&rsquo;eau froide pour qu&rsquo;elle se r\u00e9hydrate.<\/p>\n\n\n\n<p style=\"font-size:21px\"><strong><span class=\"has-inline-color has-vivid-green-cyan-color\">Utilisation <span class=\"has-inline-color has-vivid-green-cyan-color\"><\/span><\/span><span class=\"has-inline-color has-light-green-cyan-color\">:<\/span><\/strong><\/p>\n\n\n\n<p>Si vous trouvez la salade trop am\u00e8re, il y a plusieurs options. Vous pouvez faire tremper la salade \u00e9pluch\u00e9e dans une bassine d&rsquo;eau froide pendant quelques heures, ainsi une partie de la s\u00e8ve am\u00e8re s&rsquo;\u00e9vacuera dans l&rsquo;eau mais avec elle une partie des vitamines et min\u00e9raux.<\/p>\n\n\n\n<p>Sinon vous pouvez choisir des ingr\u00e9dients pour \u00e9quilibrer le go\u00fbt. En l&rsquo;accompagnant de fruits (pomme, betteraves, orange) ou d&rsquo;une vinaigrette sucr\u00e9e (vinaigre balsamique, ou miel, etc). Les fromages (comt\u00e9, roquefort&#8230;), g\u00e9siers confits, lardons, \u0153ufs, cro\u00fbtons sal\u00e9s etc, \u00e9quilibrent eux aussi l&rsquo;amertume.<mark style=\"background-color:rgba(0, 0, 0, 0)\" class=\"has-inline-color has-vivid-green-cyan-color\"><\/mark><\/p>\n\n\n\n<h2 class=\"wp-block-heading has-text-align-center has-black-color has-light-green-cyan-background-color has-text-color has-background has-medium-font-size\" id=\"chou-rave\">Chou rave<\/h2>\n\n\n<div class=\"wp-block-image is-resized\">\n<figure class=\"alignleft size-full\"><img data-recalc-dims=\"1\" loading=\"lazy\" decoding=\"async\" width=\"1000\" height=\"667\" src=\"https:\/\/i0.wp.com\/lesjardinsducanal.net\/wp-content\/uploads\/2022\/10\/chou-rave-sur-bois.jpg?resize=1000%2C667&#038;ssl=1\" alt=\"\" class=\"wp-image-889\" style=\"aspect-ratio:1.4992704391425347;width:399px;height:auto\" srcset=\"https:\/\/i0.wp.com\/lesjardinsducanal.net\/wp-content\/uploads\/2022\/10\/chou-rave-sur-bois.jpg?w=1000&amp;ssl=1 1000w, https:\/\/i0.wp.com\/lesjardinsducanal.net\/wp-content\/uploads\/2022\/10\/chou-rave-sur-bois.jpg?resize=300%2C200&amp;ssl=1 300w, https:\/\/i0.wp.com\/lesjardinsducanal.net\/wp-content\/uploads\/2022\/10\/chou-rave-sur-bois.jpg?resize=768%2C512&amp;ssl=1 768w\" sizes=\"auto, (max-width: 1000px) 100vw, 1000px\" \/><\/figure>\n<\/div>\n\n\n<p class=\"has-vivid-green-cyan-color has-text-color\" style=\"font-size:21px\"><strong><span class=\"has-inline-color has-vivid-green-cyan-color\">Conservation :<\/span><\/strong><\/p>\n\n\n\n<p>Dans le bac \u00e0 l\u00e9gumes en enlevant les feuilles (qui sont comestibles) pendant 15-20 jours. Pour le pr\u00e9parer, enlever la peau.<\/p>\n\n\n\n<p>On peut le manger cru en le coupant en tranches pour le manger avec une trempette ou seul, r\u00e2p\u00e9 avec d&rsquo;autres l\u00e9gumes, en vinaigrette&#8230; On peut aussi le pr\u00e9parer en carpaccio comme le radis rave si son go\u00fbt est trop piquant (jus de citron, sel, poivre, huile&#8230;).<\/p>\n\n\n\n<p>Ou sinon cuit :<\/p>\n\n\n\n<ul class=\"wp-block-list\">\n<li>Le couper en tranches \u00e9paisses et cuire \u00e0 la po\u00eale dans un peu d&rsquo;huile d&rsquo;olive, ne pas trop le cuire pour garder le c\u00f4t\u00e9 croquant, sel et poivre au moment de servir.<\/li>\n\n\n\n<li>L&rsquo;ajouter \u00e0 une pr\u00e9paration type wok ou une po\u00eal\u00e9e de l\u00e9gumes au dernier moment.<\/li>\n<\/ul>\n\n\n\n<p style=\"font-size:21px\"><strong><mark style=\"background-color:rgba(0, 0, 0, 0)\" class=\"has-inline-color has-vivid-green-cyan-color\">Recettes : <\/mark><\/strong><\/p>\n\n\n\n<ul class=\"wp-block-list\">\n<li><a href=\"https:\/\/lesjardinsducanal.net\/wp-content\/uploads\/2022\/02\/Salade-de-choux-raves-au-jambon-1.pdf\" target=\"_blank\" rel=\"noreferrer noopener\">Salade de choux raves au jambon sec et noix<\/a> <\/li>\n<\/ul>\n\n\n<div class=\"wp-block-image is-resized\">\n<figure class=\"aligncenter size-large\"><a href=\"https:\/\/lesjardinsducanal.net\/wp-content\/uploads\/2022\/02\/Salade-de-choux-raves-au-jambon-1.pdf\" target=\"_blank\" rel=\"noopener\"><img data-recalc-dims=\"1\" loading=\"lazy\" decoding=\"async\" width=\"1024\" height=\"360\" src=\"https:\/\/i0.wp.com\/lesjardinsducanal.net\/wp-content\/uploads\/2022\/10\/Salade-de-choux-raves.jpg?resize=1024%2C360&#038;ssl=1\" alt=\"\" class=\"wp-image-911\" style=\"aspect-ratio:2.8444041745854087;width:684px;height:auto\" srcset=\"https:\/\/i0.wp.com\/lesjardinsducanal.net\/wp-content\/uploads\/2022\/10\/Salade-de-choux-raves.jpg?resize=1024%2C360&amp;ssl=1 1024w, https:\/\/i0.wp.com\/lesjardinsducanal.net\/wp-content\/uploads\/2022\/10\/Salade-de-choux-raves.jpg?resize=300%2C105&amp;ssl=1 300w, https:\/\/i0.wp.com\/lesjardinsducanal.net\/wp-content\/uploads\/2022\/10\/Salade-de-choux-raves.jpg?resize=768%2C270&amp;ssl=1 768w, https:\/\/i0.wp.com\/lesjardinsducanal.net\/wp-content\/uploads\/2022\/10\/Salade-de-choux-raves.jpg?w=1489&amp;ssl=1 1489w\" sizes=\"auto, (max-width: 1000px) 100vw, 1000px\" \/><\/a><\/figure>\n<\/div>\n\n\n<p><\/p>\n\n\n\n<h2 class=\"wp-block-heading has-text-align-center has-text-color has-background has-medium-font-size\" id=\"navet\" style=\"color:#0b010a;background-color:#e4c4f9\">Navet<\/h2>\n\n\n<div class=\"wp-block-image is-resized\">\n<figure class=\"alignleft size-full\"><img data-recalc-dims=\"1\" loading=\"lazy\" decoding=\"async\" width=\"1000\" height=\"1000\" src=\"https:\/\/i0.wp.com\/lesjardinsducanal.net\/wp-content\/uploads\/2022\/10\/navet.jpg?resize=1000%2C1000&#038;ssl=1\" alt=\"\" class=\"wp-image-890\" style=\"width:362px;height:auto\" srcset=\"https:\/\/i0.wp.com\/lesjardinsducanal.net\/wp-content\/uploads\/2022\/10\/navet.jpg?w=1000&amp;ssl=1 1000w, https:\/\/i0.wp.com\/lesjardinsducanal.net\/wp-content\/uploads\/2022\/10\/navet.jpg?resize=300%2C300&amp;ssl=1 300w, https:\/\/i0.wp.com\/lesjardinsducanal.net\/wp-content\/uploads\/2022\/10\/navet.jpg?resize=150%2C150&amp;ssl=1 150w, https:\/\/i0.wp.com\/lesjardinsducanal.net\/wp-content\/uploads\/2022\/10\/navet.jpg?resize=768%2C768&amp;ssl=1 768w, https:\/\/i0.wp.com\/lesjardinsducanal.net\/wp-content\/uploads\/2022\/10\/navet.jpg?resize=100%2C100&amp;ssl=1 100w\" sizes=\"auto, (max-width: 1000px) 100vw, 1000px\" \/><\/figure>\n<\/div>\n\n\n<p style=\"font-size:21px\"><strong><span class=\"has-inline-color has-vivid-green-cyan-color\">Conservation : <\/span><\/strong><\/p>\n\n\n\n<p>\u00d4ter les fanes (qui se mangent) et conserver s\u00e9par\u00e9ment les racines enferm\u00e9es dans un sachet pour ne pas qu&rsquo;elles se d\u00e9shydratent et se ramollissent. De cette fa\u00e7on, elles peuvent se conserver jusqu&rsquo;\u00e0 1 mois.<\/p>\n\n\n\n<p>Quand ils sont jeunes, pas besoin de les peler, sinon enlever la peau avant de les pr\u00e9parer.<\/p>\n\n\n\n<p><br><\/p>\n\n\n\n<p class=\"has-vivid-green-cyan-color has-text-color\" style=\"font-size:21px\"><strong>Utilisation<\/strong> :<\/p>\n\n\n\n<p>Jeunes, ils peuvent \u00eatre mang\u00e9s crus, r\u00e2p\u00e9s, en morceaux ou coup\u00e9s fins au couteau.<\/p>\n\n\n\n<p>Cuits&nbsp;:<\/p>\n\n\n\n<ul class=\"wp-block-list\">\n<li>dans le plat d&rsquo;un poulet r\u00f4ti, en cocotte avec d&rsquo;autres l\u00e9gumes;<\/li>\n\n\n\n<li>\u00e0 la vapeur avec du beurre et du sel ou un autre assaisonnement;<\/li>\n\n\n\n<li>au four avec d&rsquo;autres l\u00e9gumes (betteraves, patates, panais, fenouil, patates douces&#8230;)<\/li>\n\n\n\n<li>Saut\u00e9s \u00e0 la po\u00eale, glac\u00e9s au miel, au vinaigre balsamique ou \u00e0 la sauce soja et au gingembre<\/li>\n<\/ul>\n\n\n\n<p class=\"has-vivid-green-cyan-color has-text-color\" style=\"font-size:21px\"><strong>Recettes<\/strong> :<\/p>\n\n\n\n<p><\/p>\n\n\n\n<h2 class=\"wp-block-heading has-text-align-center has-black-color has-light-green-cyan-background-color has-text-color has-background has-medium-font-size\" id=\"fenouil\">Fenouil<\/h2>\n\n\n<div class=\"wp-block-image is-resized\">\n<figure class=\"alignleft size-full\"><img data-recalc-dims=\"1\" loading=\"lazy\" decoding=\"async\" width=\"651\" height=\"651\" src=\"https:\/\/i0.wp.com\/lesjardinsducanal.net\/wp-content\/uploads\/2026\/02\/Fenouil-edited.jpg?resize=651%2C651&#038;ssl=1\" alt=\"\" class=\"wp-image-1257\" style=\"width:448px;height:auto\" srcset=\"https:\/\/i0.wp.com\/lesjardinsducanal.net\/wp-content\/uploads\/2026\/02\/Fenouil-edited.jpg?w=651&amp;ssl=1 651w, https:\/\/i0.wp.com\/lesjardinsducanal.net\/wp-content\/uploads\/2026\/02\/Fenouil-edited.jpg?resize=300%2C300&amp;ssl=1 300w, https:\/\/i0.wp.com\/lesjardinsducanal.net\/wp-content\/uploads\/2026\/02\/Fenouil-edited.jpg?resize=150%2C150&amp;ssl=1 150w\" sizes=\"auto, (max-width: 651px) 100vw, 651px\" \/><\/figure>\n<\/div>\n\n\n<p class=\"has-vivid-green-cyan-color has-text-color\" style=\"font-size:21px\"><strong>Conservation : <\/strong><\/p>\n\n\n\n<p>S\u00e9parer les tiges des bulbes. Vous pouvez conserver les tiges et les utiliser comme de l&rsquo;aneth. Conserver les bulbes au frigo dans un sachet pendant 10-20 jours maximum (le go\u00fbt s&rsquo;estompe avec le temps).<\/p>\n\n\n\n<p>La peau ext\u00e9rieure du fenouil peut parfois \u00eatre tr\u00e8s filandreuse, vous pouvez en retirer une ou deux couches pour pouvoir le consommer cru. <\/p>\n\n\n\n<p><\/p>\n\n\n\n<p><\/p>\n\n\n\n<p><\/p>\n\n\n\n<p class=\"has-vivid-green-cyan-color has-text-color\" style=\"font-size:21px\"><strong>Recettes :<\/strong><\/p>\n\n\n\n<ul class=\"wp-block-list\">\n<li>Cru : Couper en lamelles, avec du vinaigre balsamique ou un filet de jus de citron, de l&rsquo;huile d&rsquo;olive, de l&rsquo;oignon rouge finement coup\u00e9, du sel et du poivre. M\u00e9langer tous les ingr\u00e9dients puis laisser mariner 10 min avant de d\u00e9guster.<\/li>\n<\/ul>\n\n\n\n<p>Quelques id\u00e9es pour le manger cuit :<\/p>\n\n\n\n<ul class=\"wp-block-list\">\n<li>Coup\u00e9 en gros morceaux et mis \u00e0 r\u00f4tir avec des patates et de l&rsquo;ail dans le plat du poulet cuit au four.<\/li>\n\n\n\n<li>Saut\u00e9 \u00e0 la po\u00eale avec des carottes coup\u00e9es en tron\u00e7ons.<\/li>\n\n\n\n<li><a href=\"https:\/\/www.gourmandiseries.fr\/tarte-tatin-au-fenouil\/\" target=\"_blank\" rel=\"noreferrer noopener\">En tarte tatin<\/a>.<\/li>\n<\/ul>\n\n\n<div class=\"wp-block-image is-resized\">\n<figure class=\"aligncenter size-full\"><a href=\"https:\/\/www.gourmandiseries.fr\/tarte-tatin-au-fenouil\/\" target=\"_blank\" rel=\"noopener\"><img data-recalc-dims=\"1\" loading=\"lazy\" decoding=\"async\" width=\"600\" height=\"600\" src=\"https:\/\/i0.wp.com\/lesjardinsducanal.net\/wp-content\/uploads\/2026\/02\/recette-tarte-tatin-fenouil-edited.jpg?resize=600%2C600&#038;ssl=1\" alt=\"\" class=\"wp-image-1258\" style=\"width:304px;height:auto\" srcset=\"https:\/\/i0.wp.com\/lesjardinsducanal.net\/wp-content\/uploads\/2026\/02\/recette-tarte-tatin-fenouil-edited.jpg?w=600&amp;ssl=1 600w, https:\/\/i0.wp.com\/lesjardinsducanal.net\/wp-content\/uploads\/2026\/02\/recette-tarte-tatin-fenouil-edited.jpg?resize=300%2C300&amp;ssl=1 300w, https:\/\/i0.wp.com\/lesjardinsducanal.net\/wp-content\/uploads\/2026\/02\/recette-tarte-tatin-fenouil-edited.jpg?resize=150%2C150&amp;ssl=1 150w\" sizes=\"auto, (max-width: 600px) 100vw, 600px\" \/><\/a><\/figure>\n<\/div>\n\n\n<p><\/p>\n\n\n\n<h2 class=\"wp-block-heading has-text-align-center has-black-color has-luminous-vivid-orange-background-color has-text-color has-background has-medium-font-size\" id=\"poivron-piment\">Poivron, piment<\/h2>\n\n\n<div class=\"wp-block-image is-resized\">\n<figure class=\"alignleft size-large\"><img data-recalc-dims=\"1\" loading=\"lazy\" decoding=\"async\" width=\"1200\" height=\"900\" src=\"https:\/\/i0.wp.com\/lesjardinsducanal.net\/wp-content\/uploads\/2026\/02\/poivrons-4-edited.jpeg?resize=1200%2C900&#038;ssl=1\" alt=\"\" class=\"wp-image-1264\" style=\"width:308px;height:auto\" srcset=\"https:\/\/i0.wp.com\/lesjardinsducanal.net\/wp-content\/uploads\/2026\/02\/poivrons-4-edited.jpeg?w=1200&amp;ssl=1 1200w, https:\/\/i0.wp.com\/lesjardinsducanal.net\/wp-content\/uploads\/2026\/02\/poivrons-4-edited.jpeg?resize=300%2C225&amp;ssl=1 300w, https:\/\/i0.wp.com\/lesjardinsducanal.net\/wp-content\/uploads\/2026\/02\/poivrons-4-edited.jpeg?resize=1024%2C768&amp;ssl=1 1024w, https:\/\/i0.wp.com\/lesjardinsducanal.net\/wp-content\/uploads\/2026\/02\/poivrons-4-edited.jpeg?resize=768%2C576&amp;ssl=1 768w, https:\/\/i0.wp.com\/lesjardinsducanal.net\/wp-content\/uploads\/2026\/02\/poivrons-4-edited.jpeg?resize=678%2C509&amp;ssl=1 678w, https:\/\/i0.wp.com\/lesjardinsducanal.net\/wp-content\/uploads\/2026\/02\/poivrons-4-edited.jpeg?resize=326%2C245&amp;ssl=1 326w, https:\/\/i0.wp.com\/lesjardinsducanal.net\/wp-content\/uploads\/2026\/02\/poivrons-4-edited.jpeg?resize=80%2C60&amp;ssl=1 80w\" sizes=\"auto, (max-width: 1000px) 100vw, 1000px\" \/><\/figure>\n<\/div>\n\n\n<p class=\"has-vivid-green-cyan-color has-text-color\" style=\"font-size:21px\"><strong>Conservation : <\/strong><\/p>\n\n\n\n<p>Conserver dans le bac \u00e0 l\u00e9gume jusqu&rsquo;\u00e0 2 semaines. <\/p>\n\n\n\n<p>Les piments forts peuvent \u00eatre s\u00e9ch\u00e9s et se conservent ainsi plusieurs mois. <\/p>\n\n\n\n<p><\/p>\n\n\n\n<p class=\"has-vivid-green-cyan-color has-text-color\" style=\"font-size:21px\"><br><strong>Recettes : <\/strong><\/p>\n\n\n\n<ul class=\"wp-block-list\">\n<li><a href=\"https:\/\/lesjardinsducanal.net\/wp-content\/uploads\/2022\/02\/Chakchoukaaa.pdf\" target=\"_blank\" rel=\"noreferrer noopener\">Chakchouka<\/a><\/li>\n\n\n\n<li><a href=\"https:\/\/lesjardinsducanal.net\/wp-content\/uploads\/2022\/02\/salade-mechouia.pdf\" target=\"_blank\" rel=\"noreferrer noopener\">Salade Mechouia<\/a><\/li>\n\n\n\n<li><a href=\"https:\/\/lesjardinsducanal.net\/wp-content\/uploads\/2022\/02\/peperonata.pdf\" target=\"_blank\" rel=\"noreferrer noopener\">Peperonata<\/a> <\/li>\n\n\n\n<li><a href=\"https:\/\/lesjardinsducanal.net\/wp-content\/uploads\/2022\/02\/conserves-de-poivrons.pdf\" target=\"_blank\" rel=\"noreferrer noopener\">Conserve de poivrons<\/a><\/li>\n\n\n\n<li><a href=\"https:\/\/lesjardinsducanal.net\/wp-content\/uploads\/2022\/02\/confiture-de-poivrons-au-piment.pdf\" target=\"_blank\" rel=\"noreferrer noopener\">Confiture de poivrons au piment d&rsquo;Espelette<\/a><\/li>\n<\/ul>\n\n\n<div class=\"wp-block-image is-resized\">\n<figure class=\"alignright size-large\"><a href=\"https:\/\/lesjardinsducanal.net\/wp-content\/uploads\/2022\/02\/Chakchoukaaa.pdf\" target=\"_blank\" rel=\"noopener\"><img data-recalc-dims=\"1\" loading=\"lazy\" decoding=\"async\" width=\"1024\" height=\"332\" src=\"https:\/\/i0.wp.com\/lesjardinsducanal.net\/wp-content\/uploads\/2022\/10\/Chakchouka.jpg?resize=1024%2C332&#038;ssl=1\" alt=\"\" class=\"wp-image-914\" style=\"aspect-ratio:3.084266499633307;width:391px;height:auto\" srcset=\"https:\/\/i0.wp.com\/lesjardinsducanal.net\/wp-content\/uploads\/2022\/10\/Chakchouka.jpg?resize=1024%2C332&amp;ssl=1 1024w, https:\/\/i0.wp.com\/lesjardinsducanal.net\/wp-content\/uploads\/2022\/10\/Chakchouka.jpg?resize=300%2C97&amp;ssl=1 300w, https:\/\/i0.wp.com\/lesjardinsducanal.net\/wp-content\/uploads\/2022\/10\/Chakchouka.jpg?resize=768%2C249&amp;ssl=1 768w, https:\/\/i0.wp.com\/lesjardinsducanal.net\/wp-content\/uploads\/2022\/10\/Chakchouka.jpg?w=1495&amp;ssl=1 1495w\" sizes=\"auto, (max-width: 1000px) 100vw, 1000px\" \/><\/a><\/figure>\n<\/div>\n\n<div class=\"wp-block-image is-resized\">\n<figure class=\"aligncenter size-large\"><a href=\"https:\/\/lesjardinsducanal.net\/wp-content\/uploads\/2022\/02\/peperonata.pdf\" target=\"_blank\" rel=\"noopener\"><img data-recalc-dims=\"1\" loading=\"lazy\" decoding=\"async\" width=\"1024\" height=\"359\" src=\"https:\/\/i0.wp.com\/lesjardinsducanal.net\/wp-content\/uploads\/2022\/10\/Peperonata.jpg?resize=1024%2C359&#038;ssl=1\" alt=\"\" class=\"wp-image-916\" srcset=\"https:\/\/i0.wp.com\/lesjardinsducanal.net\/wp-content\/uploads\/2022\/10\/Peperonata.jpg?resize=1024%2C359&amp;ssl=1 1024w, https:\/\/i0.wp.com\/lesjardinsducanal.net\/wp-content\/uploads\/2022\/10\/Peperonata.jpg?resize=300%2C105&amp;ssl=1 300w, https:\/\/i0.wp.com\/lesjardinsducanal.net\/wp-content\/uploads\/2022\/10\/Peperonata.jpg?resize=768%2C269&amp;ssl=1 768w, https:\/\/i0.wp.com\/lesjardinsducanal.net\/wp-content\/uploads\/2022\/10\/Peperonata.jpg?w=1499&amp;ssl=1 1499w\" sizes=\"auto, (max-width: 1000px) 100vw, 1000px\" \/><\/a><\/figure>\n<\/div>\n\n\n<figure class=\"wp-block-gallery has-nested-images columns-default is-cropped wp-block-gallery-1 is-layout-flex wp-block-gallery-is-layout-flex\">\n<figure class=\"wp-block-image size-large is-resized\"><a href=\"https:\/\/lesjardinsducanal.net\/wp-content\/uploads\/2022\/02\/conserves-de-poivrons.pdf\" target=\"_blank\" rel=\"noopener\"><img data-recalc-dims=\"1\" loading=\"lazy\" decoding=\"async\" width=\"1024\" height=\"361\" data-id=\"917\" src=\"https:\/\/i0.wp.com\/lesjardinsducanal.net\/wp-content\/uploads\/2022\/10\/Conserve-de-poivrons.jpg?resize=1024%2C361&#038;ssl=1\" alt=\"\" class=\"wp-image-917\" style=\"width:428px;height:auto\" srcset=\"https:\/\/i0.wp.com\/lesjardinsducanal.net\/wp-content\/uploads\/2022\/10\/Conserve-de-poivrons.jpg?resize=1024%2C361&amp;ssl=1 1024w, https:\/\/i0.wp.com\/lesjardinsducanal.net\/wp-content\/uploads\/2022\/10\/Conserve-de-poivrons.jpg?resize=300%2C106&amp;ssl=1 300w, https:\/\/i0.wp.com\/lesjardinsducanal.net\/wp-content\/uploads\/2022\/10\/Conserve-de-poivrons.jpg?resize=768%2C271&amp;ssl=1 768w, https:\/\/i0.wp.com\/lesjardinsducanal.net\/wp-content\/uploads\/2022\/10\/Conserve-de-poivrons.jpg?w=1492&amp;ssl=1 1492w\" sizes=\"auto, (max-width: 1000px) 100vw, 1000px\" \/><\/a><\/figure>\n\n\n\n<figure class=\"wp-block-image size-large is-resized\"><img data-recalc-dims=\"1\" loading=\"lazy\" decoding=\"async\" width=\"1024\" height=\"330\" data-id=\"915\" src=\"https:\/\/i0.wp.com\/lesjardinsducanal.net\/wp-content\/uploads\/2022\/10\/Salade-Mechouia.jpg?resize=1024%2C330&#038;ssl=1\" alt=\"\" class=\"wp-image-915\" style=\"width:391px;height:auto\" srcset=\"https:\/\/i0.wp.com\/lesjardinsducanal.net\/wp-content\/uploads\/2022\/10\/Salade-Mechouia.jpg?resize=1024%2C330&amp;ssl=1 1024w, https:\/\/i0.wp.com\/lesjardinsducanal.net\/wp-content\/uploads\/2022\/10\/Salade-Mechouia.jpg?resize=300%2C97&amp;ssl=1 300w, https:\/\/i0.wp.com\/lesjardinsducanal.net\/wp-content\/uploads\/2022\/10\/Salade-Mechouia.jpg?resize=768%2C247&amp;ssl=1 768w, https:\/\/i0.wp.com\/lesjardinsducanal.net\/wp-content\/uploads\/2022\/10\/Salade-Mechouia.jpg?w=1496&amp;ssl=1 1496w\" sizes=\"auto, (max-width: 1000px) 100vw, 1000px\" \/><\/figure>\n<\/figure>\n\n\n\n<figure class=\"wp-block-image size-large is-resized\"><a href=\"https:\/\/lesjardinsducanal.net\/wp-content\/uploads\/2022\/02\/confiture-de-poivrons-au-piment.pdf\" target=\"_blank\" rel=\"noopener\"><img data-recalc-dims=\"1\" loading=\"lazy\" decoding=\"async\" width=\"1024\" height=\"358\" src=\"https:\/\/i0.wp.com\/lesjardinsducanal.net\/wp-content\/uploads\/2022\/10\/Gelee-de-poivrons-rouges.jpg?resize=1024%2C358&#038;ssl=1\" alt=\"\" class=\"wp-image-918\" style=\"width:390px;height:auto\" srcset=\"https:\/\/i0.wp.com\/lesjardinsducanal.net\/wp-content\/uploads\/2022\/10\/Gelee-de-poivrons-rouges.jpg?resize=1024%2C358&amp;ssl=1 1024w, https:\/\/i0.wp.com\/lesjardinsducanal.net\/wp-content\/uploads\/2022\/10\/Gelee-de-poivrons-rouges.jpg?resize=300%2C105&amp;ssl=1 300w, https:\/\/i0.wp.com\/lesjardinsducanal.net\/wp-content\/uploads\/2022\/10\/Gelee-de-poivrons-rouges.jpg?resize=768%2C269&amp;ssl=1 768w, https:\/\/i0.wp.com\/lesjardinsducanal.net\/wp-content\/uploads\/2022\/10\/Gelee-de-poivrons-rouges.jpg?w=1490&amp;ssl=1 1490w\" sizes=\"auto, (max-width: 1000px) 100vw, 1000px\" \/><\/a><\/figure>\n\n\n\n<h2 class=\"wp-block-heading has-text-align-center has-black-color has-text-color has-background has-medium-font-size\" id=\"blettes\" style=\"background-color:#cbce45\">Blettes<\/h2>\n\n\n<div class=\"wp-block-image is-resized\">\n<figure class=\"alignleft size-large\"><img data-recalc-dims=\"1\" loading=\"lazy\" decoding=\"async\" width=\"1024\" height=\"768\" src=\"https:\/\/i0.wp.com\/lesjardinsducanal.net\/wp-content\/uploads\/2022\/10\/Blettes.jpg?resize=1024%2C768&#038;ssl=1\" alt=\"\" class=\"wp-image-893\" style=\"width:448px;height:auto\" srcset=\"https:\/\/i0.wp.com\/lesjardinsducanal.net\/wp-content\/uploads\/2022\/10\/Blettes.jpg?resize=1024%2C768&amp;ssl=1 1024w, https:\/\/i0.wp.com\/lesjardinsducanal.net\/wp-content\/uploads\/2022\/10\/Blettes.jpg?resize=300%2C225&amp;ssl=1 300w, https:\/\/i0.wp.com\/lesjardinsducanal.net\/wp-content\/uploads\/2022\/10\/Blettes.jpg?resize=768%2C576&amp;ssl=1 768w, https:\/\/i0.wp.com\/lesjardinsducanal.net\/wp-content\/uploads\/2022\/10\/Blettes.jpg?resize=1536%2C1152&amp;ssl=1 1536w, https:\/\/i0.wp.com\/lesjardinsducanal.net\/wp-content\/uploads\/2022\/10\/Blettes.jpg?w=1600&amp;ssl=1 1600w\" sizes=\"auto, (max-width: 1000px) 100vw, 1000px\" \/><\/figure>\n<\/div>\n\n\n<p class=\"has-vivid-green-cyan-color has-text-color\" style=\"font-size:21px\"><strong>Conservation : <\/strong><\/p>\n\n\n\n<p>Conserver une \u00e0 deux semaines dans un sachet au frigo. Si les feuilles sont fl\u00e9tries, les plonger quelques minutes dans de l&rsquo;eau froide, les s\u00e9cher et les remettre au frigo.<br><\/p>\n\n\n\n<p><\/p>\n\n\n\n<p class=\"has-vivid-green-cyan-color has-text-color\" style=\"font-size:21px\"><br><br><br><strong>Utilisations<\/strong> :<\/p>\n\n\n\n<ul class=\"wp-block-list\">\n<li>Saut\u00e9es \u00e0 la po\u00eale avec d&rsquo;autres l\u00e9gumes ;<\/li>\n\n\n\n<li>En frittata (omelette aux l\u00e9gumes), quiche ou tarte ;<\/li>\n\n\n\n<li>Brais\u00e9es dans un bouillon de l\u00e9gumes ou de poule ;<\/li>\n\n\n\n<li>En lasagne ;<\/li>\n\n\n\n<li>En soupe (minestrone).<\/li>\n<\/ul>\n\n\n\n<p class=\"has-vivid-green-cyan-color has-text-color\" style=\"font-size:21px\"><strong>Recettes :<\/strong><\/p>\n\n\n\n<ul class=\"wp-block-list\">\n<li><a href=\"https:\/\/lesjardinsducanal.net\/wp-content\/uploads\/2022\/02\/tagliatelles-aux-blettes.pdf\" target=\"_blank\" rel=\"noreferrer noopener\">Tagliatelles aux blettes<\/a><\/li>\n<\/ul>\n\n\n<div class=\"wp-block-image is-resized\">\n<figure class=\"aligncenter size-large\"><a href=\"https:\/\/lesjardinsducanal.net\/wp-content\/uploads\/2022\/02\/tagliatelles-aux-blettes.pdf\" target=\"_blank\" rel=\"noopener\"><img data-recalc-dims=\"1\" loading=\"lazy\" decoding=\"async\" width=\"1024\" height=\"363\" src=\"https:\/\/i0.wp.com\/lesjardinsducanal.net\/wp-content\/uploads\/2022\/10\/Tagliatelles-aux-blettes.jpg?resize=1024%2C363&#038;ssl=1\" alt=\"\" class=\"wp-image-919\" style=\"aspect-ratio:2.821000822160579;width:486px;height:auto\" srcset=\"https:\/\/i0.wp.com\/lesjardinsducanal.net\/wp-content\/uploads\/2022\/10\/Tagliatelles-aux-blettes.jpg?resize=1024%2C363&amp;ssl=1 1024w, https:\/\/i0.wp.com\/lesjardinsducanal.net\/wp-content\/uploads\/2022\/10\/Tagliatelles-aux-blettes.jpg?resize=300%2C106&amp;ssl=1 300w, https:\/\/i0.wp.com\/lesjardinsducanal.net\/wp-content\/uploads\/2022\/10\/Tagliatelles-aux-blettes.jpg?resize=768%2C272&amp;ssl=1 768w, https:\/\/i0.wp.com\/lesjardinsducanal.net\/wp-content\/uploads\/2022\/10\/Tagliatelles-aux-blettes.jpg?w=1496&amp;ssl=1 1496w\" sizes=\"auto, (max-width: 1000px) 100vw, 1000px\" \/><\/a><\/figure>\n<\/div>\n\n\n<p><\/p>\n\n\n\n<h2 class=\"wp-block-heading has-text-align-center has-black-color has-vivid-green-cyan-background-color has-text-color has-background has-medium-font-size\">Courgettes<\/h2>\n\n\n<div class=\"wp-block-image\">\n<figure class=\"alignleft size-large is-resized\"><img data-recalc-dims=\"1\" loading=\"lazy\" decoding=\"async\" width=\"1024\" height=\"1015\" src=\"https:\/\/i0.wp.com\/lesjardinsducanal.net\/wp-content\/uploads\/2025\/04\/courgettes.jpg?resize=1024%2C1015&#038;ssl=1\" alt=\"\" class=\"wp-image-1130\" style=\"aspect-ratio:1.7902097902097902;width:415px;height:auto\" srcset=\"https:\/\/i0.wp.com\/lesjardinsducanal.net\/wp-content\/uploads\/2025\/04\/courgettes-scaled.jpg?resize=1024%2C1015&amp;ssl=1 1024w, https:\/\/i0.wp.com\/lesjardinsducanal.net\/wp-content\/uploads\/2025\/04\/courgettes-scaled.jpg?resize=300%2C297&amp;ssl=1 300w, https:\/\/i0.wp.com\/lesjardinsducanal.net\/wp-content\/uploads\/2025\/04\/courgettes-scaled.jpg?resize=150%2C150&amp;ssl=1 150w, https:\/\/i0.wp.com\/lesjardinsducanal.net\/wp-content\/uploads\/2025\/04\/courgettes-scaled.jpg?resize=768%2C762&amp;ssl=1 768w, https:\/\/i0.wp.com\/lesjardinsducanal.net\/wp-content\/uploads\/2025\/04\/courgettes-scaled.jpg?resize=1536%2C1523&amp;ssl=1 1536w, https:\/\/i0.wp.com\/lesjardinsducanal.net\/wp-content\/uploads\/2025\/04\/courgettes-scaled.jpg?resize=2048%2C2031&amp;ssl=1 2048w\" sizes=\"auto, (max-width: 1000px) 100vw, 1000px\" \/><\/figure>\n<\/div>\n\n\n<p class=\"has-vivid-green-cyan-color has-text-color\" style=\"font-size:21px\"><strong>Recettes :<\/strong><\/p>\n\n\n\n<ul class=\"wp-block-list\">\n<li><a href=\"https:\/\/lesjardinsducanal.net\/wp-content\/uploads\/2022\/03\/courgettes-ricota-noisettes.pdf\" target=\"_blank\" rel=\"noreferrer noopener\">Courgettes \u00e0 la ricotta et aux noisettes<\/a><\/li>\n\n\n\n<li><a href=\"https:\/\/lesjardinsducanal.net\/wp-content\/uploads\/2022\/03\/courgettes-charmoula.pdf\" target=\"_blank\" rel=\"noreferrer noopener\">Courgettes \u00e0 la charmoula<\/a><\/li>\n\n\n\n<li>Tagliatelles de courgettes \u00e0 la carbonara<\/li>\n<\/ul>\n\n\n\n<p><\/p>\n\n\n\n<p><\/p>\n\n\n\n<div class=\"wp-block-columns is-layout-flex wp-container-core-columns-is-layout-9d6595d7 wp-block-columns-is-layout-flex\">\n<div class=\"wp-block-column is-layout-flow wp-block-column-is-layout-flow\" style=\"flex-basis:51%\">\n<figure class=\"wp-block-image size-large is-resized\"><a href=\"https:\/\/lesjardinsducanal.net\/wp-content\/uploads\/2022\/03\/courgettes-charmoula.pdf\" target=\"_blank\" rel=\"noopener\"><img data-recalc-dims=\"1\" loading=\"lazy\" decoding=\"async\" width=\"1024\" height=\"359\" src=\"https:\/\/i0.wp.com\/lesjardinsducanal.net\/wp-content\/uploads\/2022\/10\/Courgettes-a-la-charmoula.jpg?resize=1024%2C359&#038;ssl=1\" alt=\"\" class=\"wp-image-921\" srcset=\"https:\/\/i0.wp.com\/lesjardinsducanal.net\/wp-content\/uploads\/2022\/10\/Courgettes-a-la-charmoula.jpg?resize=1024%2C359&amp;ssl=1 1024w, https:\/\/i0.wp.com\/lesjardinsducanal.net\/wp-content\/uploads\/2022\/10\/Courgettes-a-la-charmoula.jpg?resize=300%2C105&amp;ssl=1 300w, https:\/\/i0.wp.com\/lesjardinsducanal.net\/wp-content\/uploads\/2022\/10\/Courgettes-a-la-charmoula.jpg?resize=768%2C269&amp;ssl=1 768w, https:\/\/i0.wp.com\/lesjardinsducanal.net\/wp-content\/uploads\/2022\/10\/Courgettes-a-la-charmoula.jpg?w=1495&amp;ssl=1 1495w\" sizes=\"auto, (max-width: 1000px) 100vw, 1000px\" \/><\/a><\/figure>\n<\/div>\n<\/div>\n\n\n\n<div class=\"wp-block-columns is-layout-flex wp-container-core-columns-is-layout-9d6595d7 wp-block-columns-is-layout-flex\">\n<div class=\"wp-block-column is-layout-flow wp-block-column-is-layout-flow\">\n<figure class=\"wp-block-image size-large is-resized\"><a href=\"https:\/\/lesjardinsducanal.net\/wp-content\/uploads\/2022\/03\/courgettes-ricota-noisettes.pdf\" target=\"_blank\" rel=\"noopener\"><img data-recalc-dims=\"1\" loading=\"lazy\" decoding=\"async\" width=\"1024\" height=\"356\" src=\"https:\/\/i0.wp.com\/lesjardinsducanal.net\/wp-content\/uploads\/2022\/10\/Courgettes-marinees.jpg?resize=1024%2C356&#038;ssl=1\" alt=\"\" class=\"wp-image-920\" style=\"aspect-ratio:2.8763250883392226;width:429px;height:auto\" srcset=\"https:\/\/i0.wp.com\/lesjardinsducanal.net\/wp-content\/uploads\/2022\/10\/Courgettes-marinees.jpg?resize=1024%2C356&amp;ssl=1 1024w, https:\/\/i0.wp.com\/lesjardinsducanal.net\/wp-content\/uploads\/2022\/10\/Courgettes-marinees.jpg?resize=300%2C104&amp;ssl=1 300w, https:\/\/i0.wp.com\/lesjardinsducanal.net\/wp-content\/uploads\/2022\/10\/Courgettes-marinees.jpg?resize=768%2C267&amp;ssl=1 768w, https:\/\/i0.wp.com\/lesjardinsducanal.net\/wp-content\/uploads\/2022\/10\/Courgettes-marinees.jpg?w=1492&amp;ssl=1 1492w\" sizes=\"auto, (max-width: 1000px) 100vw, 1000px\" \/><\/a><\/figure>\n<\/div>\n<\/div>\n\n\n\n<h2 class=\"wp-block-heading has-text-align-center has-black-color has-text-color has-background has-medium-font-size\" style=\"background-color:#f73b3b\">Tomates<\/h2>\n\n\n<div class=\"wp-block-image is-resized\">\n<figure class=\"alignleft size-large\"><img data-recalc-dims=\"1\" loading=\"lazy\" decoding=\"async\" width=\"1024\" height=\"768\" src=\"https:\/\/i0.wp.com\/lesjardinsducanal.net\/wp-content\/uploads\/2025\/04\/IMG_0625.jpg?resize=1024%2C768&#038;ssl=1\" alt=\"\" class=\"wp-image-1129\" style=\"width:391px;height:auto\" srcset=\"https:\/\/i0.wp.com\/lesjardinsducanal.net\/wp-content\/uploads\/2025\/04\/IMG_0625-scaled.jpg?resize=1024%2C768&amp;ssl=1 1024w, https:\/\/i0.wp.com\/lesjardinsducanal.net\/wp-content\/uploads\/2025\/04\/IMG_0625-scaled.jpg?resize=300%2C225&amp;ssl=1 300w, https:\/\/i0.wp.com\/lesjardinsducanal.net\/wp-content\/uploads\/2025\/04\/IMG_0625-scaled.jpg?resize=768%2C576&amp;ssl=1 768w, https:\/\/i0.wp.com\/lesjardinsducanal.net\/wp-content\/uploads\/2025\/04\/IMG_0625-scaled.jpg?resize=1536%2C1152&amp;ssl=1 1536w, https:\/\/i0.wp.com\/lesjardinsducanal.net\/wp-content\/uploads\/2025\/04\/IMG_0625-scaled.jpg?resize=2048%2C1536&amp;ssl=1 2048w, https:\/\/i0.wp.com\/lesjardinsducanal.net\/wp-content\/uploads\/2025\/04\/IMG_0625-scaled.jpg?resize=678%2C509&amp;ssl=1 678w, https:\/\/i0.wp.com\/lesjardinsducanal.net\/wp-content\/uploads\/2025\/04\/IMG_0625-scaled.jpg?resize=326%2C245&amp;ssl=1 326w, https:\/\/i0.wp.com\/lesjardinsducanal.net\/wp-content\/uploads\/2025\/04\/IMG_0625-scaled.jpg?resize=80%2C60&amp;ssl=1 80w\" sizes=\"auto, (max-width: 1000px) 100vw, 1000px\" \/><\/figure>\n<\/div>\n\n\n<p class=\"has-vivid-green-cyan-color has-text-color\" style=\"font-size:21px\">Recettes :<\/p>\n\n\n\n<ul class=\"wp-block-list\">\n<li><a href=\"https:\/\/lesjardinsducanal.net\/wp-content\/uploads\/2022\/02\/brushetta.pdf\" target=\"_blank\" rel=\"noreferrer noopener\">Brushettas<\/a><\/li>\n\n\n\n<li><a href=\"https:\/\/lesjardinsducanal.net\/wp-content\/uploads\/2022\/02\/ketchup-maison.pdf\" target=\"_blank\" rel=\"noreferrer noopener\">Ketchup maison<\/a><\/li>\n<\/ul>\n\n\n\n<p><\/p>\n\n\n\n<p><\/p>\n\n\n\n<p><\/p>\n\n\n\n<figure class=\"wp-block-gallery has-nested-images columns-default is-cropped wp-block-gallery-2 is-layout-flex wp-block-gallery-is-layout-flex\">\n<figure class=\"wp-block-image size-large is-resized\"><a href=\"https:\/\/lesjardinsducanal.net\/wp-content\/uploads\/2022\/02\/brushetta.pdf\" target=\"_blank\" rel=\"noopener\"><img data-recalc-dims=\"1\" loading=\"lazy\" decoding=\"async\" width=\"1024\" height=\"329\" data-id=\"922\" src=\"https:\/\/i0.wp.com\/lesjardinsducanal.net\/wp-content\/uploads\/2022\/10\/Bruschetta-de-tomates.jpg?resize=1024%2C329&#038;ssl=1\" alt=\"\" class=\"wp-image-922\" style=\"width:407px;height:auto\" srcset=\"https:\/\/i0.wp.com\/lesjardinsducanal.net\/wp-content\/uploads\/2022\/10\/Bruschetta-de-tomates.jpg?resize=1024%2C329&amp;ssl=1 1024w, https:\/\/i0.wp.com\/lesjardinsducanal.net\/wp-content\/uploads\/2022\/10\/Bruschetta-de-tomates.jpg?resize=300%2C96&amp;ssl=1 300w, https:\/\/i0.wp.com\/lesjardinsducanal.net\/wp-content\/uploads\/2022\/10\/Bruschetta-de-tomates.jpg?resize=768%2C247&amp;ssl=1 768w, https:\/\/i0.wp.com\/lesjardinsducanal.net\/wp-content\/uploads\/2022\/10\/Bruschetta-de-tomates.jpg?w=1488&amp;ssl=1 1488w\" sizes=\"auto, (max-width: 1000px) 100vw, 1000px\" \/><\/a><\/figure>\n<\/figure>\n\n\n\n<figure class=\"wp-block-image size-large is-resized\"><a href=\"https:\/\/lesjardinsducanal.net\/wp-content\/uploads\/2022\/02\/ketchup-maison.pdf\" target=\"_blank\" rel=\"noopener\"><img data-recalc-dims=\"1\" loading=\"lazy\" decoding=\"async\" width=\"1024\" height=\"335\" src=\"https:\/\/i0.wp.com\/lesjardinsducanal.net\/wp-content\/uploads\/2022\/10\/Ketchup-maison.jpg?resize=1024%2C335&#038;ssl=1\" alt=\"\" class=\"wp-image-923\" style=\"width:434px;height:auto\" srcset=\"https:\/\/i0.wp.com\/lesjardinsducanal.net\/wp-content\/uploads\/2022\/10\/Ketchup-maison.jpg?resize=1024%2C335&amp;ssl=1 1024w, https:\/\/i0.wp.com\/lesjardinsducanal.net\/wp-content\/uploads\/2022\/10\/Ketchup-maison.jpg?resize=300%2C98&amp;ssl=1 300w, https:\/\/i0.wp.com\/lesjardinsducanal.net\/wp-content\/uploads\/2022\/10\/Ketchup-maison.jpg?resize=768%2C251&amp;ssl=1 768w, https:\/\/i0.wp.com\/lesjardinsducanal.net\/wp-content\/uploads\/2022\/10\/Ketchup-maison.jpg?w=1492&amp;ssl=1 1492w\" sizes=\"auto, (max-width: 1000px) 100vw, 1000px\" \/><\/a><\/figure>\n\n\n\n<div class=\"wp-block-columns is-layout-flex wp-container-core-columns-is-layout-9d6595d7 wp-block-columns-is-layout-flex\">\n<div class=\"wp-block-column is-layout-flow wp-block-column-is-layout-flow\"><\/div>\n<\/div>\n","protected":false},"excerpt":{"rendered":"<div class=\"mh-excerpt\"><p>Des recettes et des id\u00e9es pour d\u00e9guster les l\u00e9gumes de votre panier ! Salades, laitues, fris\u00e9es &#8230; Conservation : Au frigo dans le bac \u00e0 <a class=\"mh-excerpt-more\" href=\"https:\/\/lesjardinsducanal.net\/index.php\/recettes\/\" title=\"Recett&rsquo;cetera :-)\">[&#8230;]<\/a><\/p>\n<\/div>","protected":false},"author":2,"featured_media":791,"parent":0,"menu_order":0,"comment_status":"closed","ping_status":"closed","template":"","meta":{"footnotes":""},"class_list":["post-703","page","type-page","status-publish","has-post-thumbnail","hentry"],"jetpack_sharing_enabled":true,"post_mailing_queue_ids":[],"_links":{"self":[{"href":"https:\/\/lesjardinsducanal.net\/index.php\/wp-json\/wp\/v2\/pages\/703","targetHints":{"allow":["GET"]}}],"collection":[{"href":"https:\/\/lesjardinsducanal.net\/index.php\/wp-json\/wp\/v2\/pages"}],"about":[{"href":"https:\/\/lesjardinsducanal.net\/index.php\/wp-json\/wp\/v2\/types\/page"}],"author":[{"embeddable":true,"href":"https:\/\/lesjardinsducanal.net\/index.php\/wp-json\/wp\/v2\/users\/2"}],"replies":[{"embeddable":true,"href":"https:\/\/lesjardinsducanal.net\/index.php\/wp-json\/wp\/v2\/comments?post=703"}],"version-history":[{"count":67,"href":"https:\/\/lesjardinsducanal.net\/index.php\/wp-json\/wp\/v2\/pages\/703\/revisions"}],"predecessor-version":[{"id":1289,"href":"https:\/\/lesjardinsducanal.net\/index.php\/wp-json\/wp\/v2\/pages\/703\/revisions\/1289"}],"wp:featuredmedia":[{"embeddable":true,"href":"https:\/\/lesjardinsducanal.net\/index.php\/wp-json\/wp\/v2\/media\/791"}],"wp:attachment":[{"href":"https:\/\/lesjardinsducanal.net\/index.php\/wp-json\/wp\/v2\/media?parent=703"}],"curies":[{"name":"wp","href":"https:\/\/api.w.org\/{rel}","templated":true}]}}